{"id":12,"date":"2025-12-06T08:24:57","date_gmt":"2025-12-06T08:24:57","guid":{"rendered":"https:\/\/www.coachfederation.at\/?page_id=12"},"modified":"2026-04-12T09:20:42","modified_gmt":"2026-04-12T09:20:42","slug":"coaching-verband-osterreich-international","status":"publish","type":"page","link":"https:\/\/www.coachfederation.at\/de\/","title":{"rendered":"Home"},"content":{"rendered":"<div data-elementor-type=\"wp-page\" data-elementor-id=\"12\" class=\"elementor elementor-12\" data-elementor-post-type=\"page\">\n\t\t\t\t<div class=\"elementor-element elementor-element-506a3f2 e-flex e-con-boxed e-con e-parent\" data-id=\"506a3f2\" data-element_type=\"container\" data-settings=\"{&quot;jet_parallax_layout_list&quot;:[]}\">\n\t\t\t\t\t<div class=\"e-con-inner\">\n\t\t<div class=\"elementor-element elementor-element-8dc1785 e-con-full e-flex e-con e-child\" data-id=\"8dc1785\" data-element_type=\"container\" data-settings=\"{&quot;jet_parallax_layout_list&quot;:[]}\">\n\t\t<div class=\"elementor-element elementor-element-4c4f612 e-con-full e-flex e-con e-child\" data-id=\"4c4f612\" data-element_type=\"container\" data-settings=\"{&quot;background_background&quot;:&quot;classic&quot;,&quot;jet_parallax_layout_list&quot;:[]}\">\n\t\t<div class=\"elementor-element elementor-element-1c40c9b e-con-full e-transform e-flex e-con e-child\" data-id=\"1c40c9b\" data-element_type=\"container\" data-settings=\"{&quot;background_background&quot;:&quot;classic&quot;,&quot;jet_parallax_layout_list&quot;:[],&quot;_transform_scale_effect_hover&quot;:{&quot;unit&quot;:&quot;px&quot;,&quot;size&quot;:1.02,&quot;sizes&quot;:[]},&quot;_transform_scale_effect_hover_tablet&quot;:{&quot;unit&quot;:&quot;px&quot;,&quot;size&quot;:&quot;&quot;,&quot;sizes&quot;:[]},&quot;_transform_scale_effect_hover_mobile&quot;:{&quot;unit&quot;:&quot;px&quot;,&quot;size&quot;:&quot;&quot;,&quot;sizes&quot;:[]}}\">\n\t\t\t\t<\/div>\n\t\t<div class=\"elementor-element elementor-element-9171688 e-con-full e-flex e-con e-child\" data-id=\"9171688\" data-element_type=\"container\" data-settings=\"{&quot;jet_parallax_layout_list&quot;:[]}\">\n\t\t\t\t<div class=\"elementor-element elementor-element-e319297 elementor-widget elementor-widget-heading\" data-id=\"e319297\" data-element_type=\"widget\" data-widget_type=\"heading.default\">\n\t\t\t\t\t<h2 class=\"elementor-heading-title elementor-size-default\">Find a coach<\/h2>\t\t\t\t<\/div>\n\t\t\t\t<div class=\"elementor-element elementor-element-ca97082 elementor-widget elementor-widget-text-editor\" data-id=\"ca97082\" data-element_type=\"widget\" data-widget_type=\"text-editor.default\">\n\t\t\t\t\t\t\t\t\t<div class=\"card-body\"><p>Finden Sie jemanden, der die Kompetenz hat, die Hindernisse f\u00fcr Ihren Erfolg zu identifizieren und Sie unterst\u00fctzt, Ihre St\u00e4rken und Potenziale so einzusetzen, damit Sie Ihre ehrgeizigsten Ziele erreichen.<\/p><\/div>\t\t\t\t\t\t\t\t<\/div>\n\t\t\t\t<div class=\"elementor-element elementor-element-73bef90 elementor-align-justify elementor-widget elementor-widget-button\" data-id=\"73bef90\" data-element_type=\"widget\" data-widget_type=\"button.default\">\n\t\t\t\t\t\t\t\t\t\t<a class=\"elementor-button elementor-button-link elementor-size-sm\" href=\"https:\/\/www.coachfederation.at\/de\/coach-finder\/\">\n\t\t\t\t\t\t<span class=\"elementor-button-content-wrapper\">\n\t\t\t\t\t\t\t\t\t<span class=\"elementor-button-text\">Coach FINDER<\/span>\n\t\t\t\t\t<\/span>\n\t\t\t\t\t<\/a>\n\t\t\t\t\t\t\t\t<\/div>\n\t\t\t\t<div class=\"elementor-element elementor-element-7a3f0fc elementor-align-justify elementor-widget elementor-widget-button\" data-id=\"7a3f0fc\" data-element_type=\"widget\" data-widget_type=\"button.default\">\n\t\t\t\t\t\t\t\t\t\t<a class=\"elementor-button elementor-button-link elementor-size-sm\" href=\"https:\/\/www.coachfederation.at\/de\/choosing-the-right-coach\/\">\n\t\t\t\t\t\t<span class=\"elementor-button-content-wrapper\">\n\t\t\t\t\t\t\t\t\t<span class=\"elementor-button-text\">Den richtigen Coach finden<\/span>\n\t\t\t\t\t<\/span>\n\t\t\t\t\t<\/a>\n\t\t\t\t\t\t\t\t<\/div>\n\t\t\t\t<\/div>\n\t\t\t\t<\/div>\n\t\t<div class=\"elementor-element elementor-element-6ebd6a3 e-con-full e-flex e-con e-child\" data-id=\"6ebd6a3\" data-element_type=\"container\" data-settings=\"{&quot;background_background&quot;:&quot;classic&quot;,&quot;jet_parallax_layout_list&quot;:[]}\">\n\t\t<div class=\"elementor-element elementor-element-f3a3b5d e-con-full e-transform e-flex e-con e-child\" data-id=\"f3a3b5d\" data-element_type=\"container\" data-settings=\"{&quot;background_background&quot;:&quot;classic&quot;,&quot;jet_parallax_layout_list&quot;:[],&quot;_transform_scale_effect_hover&quot;:{&quot;unit&quot;:&quot;px&quot;,&quot;size&quot;:1.02,&quot;sizes&quot;:[]},&quot;_transform_scale_effect_hover_tablet&quot;:{&quot;unit&quot;:&quot;px&quot;,&quot;size&quot;:&quot;&quot;,&quot;sizes&quot;:[]},&quot;_transform_scale_effect_hover_mobile&quot;:{&quot;unit&quot;:&quot;px&quot;,&quot;size&quot;:&quot;&quot;,&quot;sizes&quot;:[]}}\">\n\t\t\t\t<\/div>\n\t\t<div class=\"elementor-element elementor-element-cb19713 e-con-full e-flex e-con e-child\" data-id=\"cb19713\" data-element_type=\"container\" data-settings=\"{&quot;jet_parallax_layout_list&quot;:[]}\">\n\t\t\t\t<div class=\"elementor-element elementor-element-2bae028 elementor-widget elementor-widget-heading\" data-id=\"2bae028\" data-element_type=\"widget\" data-widget_type=\"heading.default\">\n\t\t\t\t\t<h2 class=\"elementor-heading-title elementor-size-default\">Coach Werden\n<\/h2>\t\t\t\t<\/div>\n\t\t\t\t<div class=\"elementor-element elementor-element-9f1510f elementor-widget elementor-widget-text-editor\" data-id=\"9f1510f\" data-element_type=\"widget\" data-widget_type=\"text-editor.default\">\n\t\t\t\t\t\t\t\t\t<p>Erw\u00e4gen Sie, professioneller Coach zu werden? Sehen Sie Ihre wahre Berufung darin, andere zu unterst\u00fctzen und zu inspirieren, dorthin zu gelangen, wo sie sein wollen?<\/p>\t\t\t\t\t\t\t\t<\/div>\n\t\t\t\t<div class=\"elementor-element elementor-element-953af5f elementor-align-justify elementor-widget elementor-widget-button\" data-id=\"953af5f\" data-element_type=\"widget\" data-widget_type=\"button.default\">\n\t\t\t\t\t\t\t\t\t\t<a class=\"elementor-button elementor-button-link elementor-size-sm\" href=\"https:\/\/www.coachfederation.at\/de\/credentialing\/\">\n\t\t\t\t\t\t<span class=\"elementor-button-content-wrapper\">\n\t\t\t\t\t\t\t\t\t<span class=\"elementor-button-text\">Zertifizierung<\/span>\n\t\t\t\t\t<\/span>\n\t\t\t\t\t<\/a>\n\t\t\t\t\t\t\t\t<\/div>\n\t\t\t\t<div class=\"elementor-element elementor-element-2da35e4 elementor-align-justify elementor-widget elementor-widget-button\" data-id=\"2da35e4\" data-element_type=\"widget\" data-widget_type=\"button.default\">\n\t\t\t\t\t\t\t\t\t\t<a class=\"elementor-button elementor-button-link elementor-size-sm\" href=\"https:\/\/www.coachfederation.at\/de\/find-a-training-program\/\">\n\t\t\t\t\t\t<span class=\"elementor-button-content-wrapper\">\n\t\t\t\t\t\t\t\t\t<span class=\"elementor-button-text\">Ausbildungsprogramm finden<\/span>\n\t\t\t\t\t<\/span>\n\t\t\t\t\t<\/a>\n\t\t\t\t\t\t\t\t<\/div>\n\t\t\t\t<\/div>\n\t\t\t\t<\/div>\n\t\t<div class=\"elementor-element elementor-element-995bff6 e-con-full e-flex e-con e-child\" data-id=\"995bff6\" data-element_type=\"container\" data-settings=\"{&quot;background_background&quot;:&quot;classic&quot;,&quot;jet_parallax_layout_list&quot;:[]}\">\n\t\t<div class=\"elementor-element elementor-element-3c6fda6 e-con-full e-transform e-flex e-con e-child\" data-id=\"3c6fda6\" data-element_type=\"container\" data-settings=\"{&quot;background_background&quot;:&quot;classic&quot;,&quot;jet_parallax_layout_list&quot;:[],&quot;_transform_scale_effect_hover&quot;:{&quot;unit&quot;:&quot;px&quot;,&quot;size&quot;:1.02,&quot;sizes&quot;:[]},&quot;_transform_scale_effect_hover_tablet&quot;:{&quot;unit&quot;:&quot;px&quot;,&quot;size&quot;:&quot;&quot;,&quot;sizes&quot;:[]},&quot;_transform_scale_effect_hover_mobile&quot;:{&quot;unit&quot;:&quot;px&quot;,&quot;size&quot;:&quot;&quot;,&quot;sizes&quot;:[]}}\">\n\t\t\t\t<\/div>\n\t\t<div class=\"elementor-element elementor-element-efa1f77 e-con-full e-flex e-con e-child\" data-id=\"efa1f77\" data-element_type=\"container\" data-settings=\"{&quot;jet_parallax_layout_list&quot;:[]}\">\n\t\t\t\t<div class=\"elementor-element elementor-element-510d09a elementor-widget elementor-widget-heading\" data-id=\"510d09a\" data-element_type=\"widget\" data-widget_type=\"heading.default\">\n\t\t\t\t\t<h2 class=\"elementor-heading-title elementor-size-default\">Mitglied Werden\n<\/h2>\t\t\t\t<\/div>\n\t\t\t\t<div class=\"elementor-element elementor-element-f720dc9 elementor-widget elementor-widget-text-editor\" data-id=\"f720dc9\" data-element_type=\"widget\" data-widget_type=\"text-editor.default\">\n\t\t\t\t\t\t\t\t\t<p>Die Mitglieder der International Coach Federation (ICF) repr\u00e4sentieren h\u00f6chste Qualit\u00e4t des professionellen Coachings. Wir sind bestrebt, Ihnen in Ihrer Profession als Coach zu helfen, indem wir Ihnen M\u00f6glichkeiten zum Aufbau von Netzwerken und kontinuierlichem Wachstum bieten.<\/p>\t\t\t\t\t\t\t\t<\/div>\n\t\t\t\t<div class=\"elementor-element elementor-element-77c3533 elementor-align-justify elementor-widget elementor-widget-button\" data-id=\"77c3533\" data-element_type=\"widget\" data-widget_type=\"button.default\">\n\t\t\t\t\t\t\t\t\t\t<a class=\"elementor-button elementor-button-link elementor-size-sm\" href=\"https:\/\/www.coachfederation.at\/de\/why-icf-austria\/\">\n\t\t\t\t\t\t<span class=\"elementor-button-content-wrapper\">\n\t\t\t\t\t\t\t\t\t<span class=\"elementor-button-text\">Warum ICF Austria?<\/span>\n\t\t\t\t\t<\/span>\n\t\t\t\t\t<\/a>\n\t\t\t\t\t\t\t\t<\/div>\n\t\t\t\t<div class=\"elementor-element elementor-element-adbe7c1 elementor-align-justify elementor-widget elementor-widget-button\" data-id=\"adbe7c1\" data-element_type=\"widget\" data-widget_type=\"button.default\">\n\t\t\t\t\t\t\t\t\t\t<a class=\"elementor-button elementor-button-link elementor-size-sm\" href=\"https:\/\/www.coachfederation.at\/de\/how-to-become-a-member\/\">\n\t\t\t\t\t\t<span class=\"elementor-button-content-wrapper\">\n\t\t\t\t\t\t\t\t\t<span class=\"elementor-button-text\">Wie k\u00f6nnen Sie Mitglied werden?<\/span>\n\t\t\t\t\t<\/span>\n\t\t\t\t\t<\/a>\n\t\t\t\t\t\t\t\t<\/div>\n\t\t\t\t<\/div>\n\t\t\t\t<\/div>\n\t\t\t\t<\/div>\n\t\t\t\t\t<\/div>\n\t\t\t\t<\/div>\n\t\t<div class=\"elementor-element elementor-element-8ce6593 e-flex e-con-boxed e-con e-parent\" data-id=\"8ce6593\" data-element_type=\"container\" data-settings=\"{&quot;jet_parallax_layout_list&quot;:[]}\">\n\t\t\t\t\t<div class=\"e-con-inner\">\n\t\t<div class=\"elementor-element elementor-element-263d9ac e-con-full e-flex e-con e-child\" data-id=\"263d9ac\" data-element_type=\"container\" data-settings=\"{&quot;jet_parallax_layout_list&quot;:[]}\">\n\t\t<div class=\"elementor-element elementor-element-fd4684c e-con-full e-flex e-con e-child\" data-id=\"fd4684c\" data-element_type=\"container\" data-settings=\"{&quot;jet_parallax_layout_list&quot;:[]}\">\n\t\t\t\t<div class=\"elementor-element elementor-element-4a1fd32 elementor-widget elementor-widget-heading\" data-id=\"4a1fd32\" data-element_type=\"widget\" data-widget_type=\"heading.default\">\n\t\t\t\t\t<h2 class=\"elementor-heading-title elementor-size-default\">Our Upcoming Events<\/h2>\t\t\t\t<\/div>\n\t\t\t\t<\/div>\n\t\t<div class=\"elementor-element elementor-element-eea02ac e-con-full e-flex e-con e-child\" data-id=\"eea02ac\" data-element_type=\"container\" data-settings=\"{&quot;jet_parallax_layout_list&quot;:[]}\">\n\t\t\t\t<div class=\"elementor-element elementor-element-793777a elementor-align-right elementor-mobile-align-center elementor-widget elementor-widget-button\" data-id=\"793777a\" data-element_type=\"widget\" data-widget_type=\"button.default\">\n\t\t\t\t\t\t\t\t\t\t<a class=\"elementor-button elementor-button-link elementor-size-sm elementor-animation-hang\" href=\"https:\/\/www.coachfederation.at\/de\/_events\/\">\n\t\t\t\t\t\t<span class=\"elementor-button-content-wrapper\">\n\t\t\t\t\t\t<span class=\"elementor-button-icon\">\n\t\t\t\t<i aria-hidden=\"true\" class=\"icon icon-arrow-right\"><\/i>\t\t\t<\/span>\n\t\t\t\t\t\t\t\t\t<span class=\"elementor-button-text\">Alle Veranstaltungen<\/span>\n\t\t\t\t\t<\/span>\n\t\t\t\t\t<\/a>\n\t\t\t\t\t\t\t\t<\/div>\n\t\t\t\t<\/div>\n\t\t\t\t<\/div>\n\t\t<div class=\"elementor-element elementor-element-a84cc44 e-con-full e-flex e-con e-child\" data-id=\"a84cc44\" data-element_type=\"container\" data-settings=\"{&quot;jet_parallax_layout_list&quot;:[]}\">\n\t\t\t\t<div class=\"elementor-element elementor-element-46c681e elementor-grid-3 elementor-grid-tablet-2 elementor-grid-mobile-1 elementor-posts--thumbnail-top elementor-widget elementor-widget-posts\" data-id=\"46c681e\" data-element_type=\"widget\" data-settings=\"{&quot;classic_row_gap_mobile&quot;:{&quot;unit&quot;:&quot;px&quot;,&quot;size&quot;:0,&quot;sizes&quot;:[]},&quot;classic_columns&quot;:&quot;3&quot;,&quot;classic_columns_tablet&quot;:&quot;2&quot;,&quot;classic_columns_mobile&quot;:&quot;1&quot;,&quot;classic_row_gap&quot;:{&quot;unit&quot;:&quot;px&quot;,&quot;size&quot;:35,&quot;sizes&quot;:[]},&quot;classic_row_gap_tablet&quot;:{&quot;unit&quot;:&quot;px&quot;,&quot;size&quot;:&quot;&quot;,&quot;sizes&quot;:[]}}\" data-widget_type=\"posts.classic\">\n\t\t\t\t<div class=\"elementor-widget-container\">\n\t\t\t\t\t\t\t<div class=\"elementor-posts-container elementor-posts elementor-posts--skin-classic elementor-grid\" role=\"list\">\n\t\t\t\t<article class=\"elementor-post elementor-grid-item post-6294 events type-events status-publish has-post-thumbnail hentry event-category-icf-austria-de event-category-news-de\" role=\"listitem\">\n\t\t\t\t<a class=\"elementor-post__thumbnail__link\" href=\"https:\/\/www.coachfederation.at\/de\/?events=icf-austria-generalversammlung-2026\" tabindex=\"-1\" >\n\t\t\t<div class=\"elementor-post__thumbnail\"><img fetchpriority=\"high\" decoding=\"async\" width=\"1200\" height=\"444\" src=\"https:\/\/www.coachfederation.at\/wp-content\/uploads\/2026\/04\/icf-austria-gv-2026-cover.png\" class=\"attachment-full size-full wp-image-6572\" alt=\"\" srcset=\"https:\/\/www.coachfederation.at\/wp-content\/uploads\/2026\/04\/icf-austria-gv-2026-cover.png 1200w, https:\/\/www.coachfederation.at\/wp-content\/uploads\/2026\/04\/icf-austria-gv-2026-cover-300x111.png 300w, https:\/\/www.coachfederation.at\/wp-content\/uploads\/2026\/04\/icf-austria-gv-2026-cover-1024x379.png 1024w, https:\/\/www.coachfederation.at\/wp-content\/uploads\/2026\/04\/icf-austria-gv-2026-cover-768x284.png 768w, https:\/\/www.coachfederation.at\/wp-content\/uploads\/2026\/04\/icf-austria-gv-2026-cover-18x7.png 18w\" sizes=\"(max-width: 1200px) 100vw, 1200px\" \/><\/div>\n\t\t<\/a>\n\t\t\t\t<div class=\"elementor-post__text\">\n\t\t\t\t<h3 class=\"elementor-post__title\">\n\t\t\t<a href=\"https:\/\/www.coachfederation.at\/de\/?events=icf-austria-generalversammlung-2026\" >\n\t\t\t\tICF Austria Generalversammlung 2026\t\t\t<\/a>\n\t\t<\/h3>\n\t\t\t\t<div class=\"elementor-post__meta-data\">\n\t\t\t\t\t<span class=\"elementor-post-date\">\n\t\t\tApril 24, 2026\t\t<\/span>\n\t\t\t\t<\/div>\n\t\t\t\t<\/div>\n\t\t\t\t<\/article>\n\t\t\t\t<article class=\"elementor-post elementor-grid-item post-6524 events type-events status-publish has-post-thumbnail hentry\" role=\"listitem\">\n\t\t\t\t<a class=\"elementor-post__thumbnail__link\" href=\"https:\/\/www.coachfederation.at\/de\/?events=coaching-treibsand-umgang-mit-narzissmus-im-coaching\" tabindex=\"-1\" >\n\t\t\t<div class=\"elementor-post__thumbnail\"><img decoding=\"async\" width=\"320\" height=\"180\" src=\"https:\/\/www.coachfederation.at\/wp-content\/uploads\/2026\/04\/Bildschirmfoto-2024-07-17-um-11.36.22-2.png\" class=\"attachment-full size-full wp-image-6526\" alt=\"\" srcset=\"https:\/\/www.coachfederation.at\/wp-content\/uploads\/2026\/04\/Bildschirmfoto-2024-07-17-um-11.36.22-2.png 320w, https:\/\/www.coachfederation.at\/wp-content\/uploads\/2026\/04\/Bildschirmfoto-2024-07-17-um-11.36.22-2-300x169.png 300w, https:\/\/www.coachfederation.at\/wp-content\/uploads\/2026\/04\/Bildschirmfoto-2024-07-17-um-11.36.22-2-18x10.png 18w\" sizes=\"(max-width: 320px) 100vw, 320px\" \/><\/div>\n\t\t<\/a>\n\t\t\t\t<div class=\"elementor-post__text\">\n\t\t\t\t<h3 class=\"elementor-post__title\">\n\t\t\t<a href=\"https:\/\/www.coachfederation.at\/de\/?events=coaching-treibsand-umgang-mit-narzissmus-im-coaching\" >\n\t\t\t\tCoaching-Treibsand: Umgang mit Narzissmus im Coaching\t\t\t<\/a>\n\t\t<\/h3>\n\t\t\t\t<div class=\"elementor-post__meta-data\">\n\t\t\t\t\t<span class=\"elementor-post-date\">\n\t\t\tApril 12, 2026\t\t<\/span>\n\t\t\t\t<\/div>\n\t\t\t\t<\/div>\n\t\t\t\t<\/article>\n\t\t\t\t<article class=\"elementor-post elementor-grid-item post-6522 events type-events status-publish has-post-thumbnail hentry event-category-business-development-series-en\" role=\"listitem\">\n\t\t\t\t<a class=\"elementor-post__thumbnail__link\" href=\"https:\/\/www.coachfederation.at\/de\/?events=virtual-roundtable-visibility-that-builds-your-coaching\" tabindex=\"-1\" >\n\t\t\t<div class=\"elementor-post__thumbnail\"><img decoding=\"async\" width=\"809\" height=\"540\" src=\"https:\/\/www.coachfederation.at\/wp-content\/uploads\/2026\/04\/https___cdn.evbuc_.com_images_1180732251_411939563217_1_original.jpg\" class=\"attachment-full size-full wp-image-6523\" alt=\"\" srcset=\"https:\/\/www.coachfederation.at\/wp-content\/uploads\/2026\/04\/https___cdn.evbuc_.com_images_1180732251_411939563217_1_original.jpg 809w, https:\/\/www.coachfederation.at\/wp-content\/uploads\/2026\/04\/https___cdn.evbuc_.com_images_1180732251_411939563217_1_original-300x200.jpg 300w, https:\/\/www.coachfederation.at\/wp-content\/uploads\/2026\/04\/https___cdn.evbuc_.com_images_1180732251_411939563217_1_original-768x513.jpg 768w, https:\/\/www.coachfederation.at\/wp-content\/uploads\/2026\/04\/https___cdn.evbuc_.com_images_1180732251_411939563217_1_original-18x12.jpg 18w\" sizes=\"(max-width: 809px) 100vw, 809px\" \/><\/div>\n\t\t<\/a>\n\t\t\t\t<div class=\"elementor-post__text\">\n\t\t\t\t<h3 class=\"elementor-post__title\">\n\t\t\t<a href=\"https:\/\/www.coachfederation.at\/de\/?events=virtual-roundtable-visibility-that-builds-your-coaching\" >\n\t\t\t\tVirtual Roundtable: Visibility That Builds Your Coaching\t\t\t<\/a>\n\t\t<\/h3>\n\t\t\t\t<div class=\"elementor-post__meta-data\">\n\t\t\t\t\t<span class=\"elementor-post-date\">\n\t\t\tApril 12, 2026\t\t<\/span>\n\t\t\t\t<\/div>\n\t\t\t\t<\/div>\n\t\t\t\t<\/article>\n\t\t\t\t<\/div>\n\t\t\n\t\t\t\t\t\t<\/div>\n\t\t\t\t<\/div>\n\t\t\t\t<\/div>\n\t\t\t\t\t<\/div>\n\t\t\t\t<\/div>\n\t\t<div class=\"elementor-element elementor-element-85866fe e-flex e-con-boxed e-con e-parent\" data-id=\"85866fe\" data-element_type=\"container\" data-settings=\"{&quot;background_background&quot;:&quot;classic&quot;,&quot;jet_parallax_layout_list&quot;:[]}\">\n\t\t\t\t\t<div class=\"e-con-inner\">\n\t\t<div class=\"elementor-element elementor-element-c060573 e-con-full e-flex e-con e-child\" data-id=\"c060573\" data-element_type=\"container\" data-settings=\"{&quot;jet_parallax_layout_list&quot;:[]}\">\n\t\t<div class=\"elementor-element elementor-element-5581da2 e-con-full e-flex e-con e-child\" data-id=\"5581da2\" data-element_type=\"container\" data-settings=\"{&quot;jet_parallax_layout_list&quot;:[]}\">\n\t\t\t\t<div class=\"elementor-element elementor-element-dcdc467 elementor-widget elementor-widget-heading\" data-id=\"dcdc467\" data-element_type=\"widget\" data-widget_type=\"heading.default\">\n\t\t\t\t\t<h2 class=\"elementor-heading-title elementor-size-default\">Our sponsors\n<\/h2>\t\t\t\t<\/div>\n\t\t<div class=\"elementor-element elementor-element-96dac1a e-con-full e-flex e-con e-child\" data-id=\"96dac1a\" data-element_type=\"container\" data-settings=\"{&quot;jet_parallax_layout_list&quot;:[]}\">\n\t\t<a class=\"elementor-element elementor-element-7da5837 e-con-full e-flex e-con e-child\" data-id=\"7da5837\" data-element_type=\"container\" data-settings=\"{&quot;jet_parallax_layout_list&quot;:[]}\" href=\"https:\/\/www.ito.co.at\/coaching\/coaching-ausbildung\/\">\n\t\t\t\t<div class=\"elementor-element elementor-element-7672b5b elementor-widget elementor-widget-image\" data-id=\"7672b5b\" data-element_type=\"widget\" data-widget_type=\"image.default\">\n\t\t\t\t\t\t\t\t\t\t\t\t\t\t\t<img loading=\"lazy\" decoding=\"async\" width=\"377\" height=\"115\" src=\"https:\/\/www.coachfederation.at\/wp-content\/uploads\/2025\/11\/icf-austria-ito.png\" class=\"elementor-animation-grow attachment-full size-full wp-image-3711\" alt=\"\" srcset=\"https:\/\/www.coachfederation.at\/wp-content\/uploads\/2025\/11\/icf-austria-ito.png 377w, https:\/\/www.coachfederation.at\/wp-content\/uploads\/2025\/11\/icf-austria-ito-300x92.png 300w\" sizes=\"(max-width: 377px) 100vw, 377px\" \/>\t\t\t\t\t\t\t\t\t\t\t\t\t\t\t<\/div>\n\t\t\t\t<\/a>\n\t\t<a class=\"elementor-element elementor-element-d181949 e-con-full e-flex e-con e-child\" data-id=\"d181949\" data-element_type=\"container\" data-settings=\"{&quot;jet_parallax_layout_list&quot;:[]}\" href=\"https:\/\/trinergy.at\/\">\n\t\t\t\t<div class=\"elementor-element elementor-element-30e7458 elementor-widget elementor-widget-image\" data-id=\"30e7458\" data-element_type=\"widget\" data-widget_type=\"image.default\">\n\t\t\t\t\t\t\t\t\t\t\t\t\t\t\t<img loading=\"lazy\" decoding=\"async\" width=\"2560\" height=\"890\" src=\"https:\/\/www.coachfederation.at\/wp-content\/uploads\/2025\/11\/icf-austria-trinergy-scaled.jpg\" class=\"elementor-animation-grow attachment-full size-full wp-image-3710\" alt=\"\" srcset=\"https:\/\/www.coachfederation.at\/wp-content\/uploads\/2025\/11\/icf-austria-trinergy-scaled.jpg 2560w, https:\/\/www.coachfederation.at\/wp-content\/uploads\/2025\/11\/icf-austria-trinergy-300x104.jpg 300w, https:\/\/www.coachfederation.at\/wp-content\/uploads\/2025\/11\/icf-austria-trinergy-1024x356.jpg 1024w, https:\/\/www.coachfederation.at\/wp-content\/uploads\/2025\/11\/icf-austria-trinergy-768x267.jpg 768w, https:\/\/www.coachfederation.at\/wp-content\/uploads\/2025\/11\/icf-austria-trinergy-1536x534.jpg 1536w, https:\/\/www.coachfederation.at\/wp-content\/uploads\/2025\/11\/icf-austria-trinergy-2048x712.jpg 2048w\" sizes=\"(max-width: 2560px) 100vw, 2560px\" \/>\t\t\t\t\t\t\t\t\t\t\t\t\t\t\t<\/div>\n\t\t\t\t<\/a>\n\t\t<div class=\"elementor-element elementor-element-756f188 e-con-full elementor-hidden-mobile e-flex e-con e-child\" data-id=\"756f188\" data-element_type=\"container\" data-settings=\"{&quot;jet_parallax_layout_list&quot;:[]}\">\n\t\t\t\t<div class=\"elementor-element elementor-element-a2407a6 elementor-widget elementor-widget-image\" data-id=\"a2407a6\" data-element_type=\"widget\" data-widget_type=\"image.default\">\n\t\t\t\t\t\t\t\t\t\t\t\t\t\t\t<img loading=\"lazy\" decoding=\"async\" width=\"477\" height=\"476\" src=\"https:\/\/www.coachfederation.at\/wp-content\/uploads\/2026\/03\/echt-jetzt.png\" class=\"attachment-full size-full wp-image-6317\" alt=\"\" srcset=\"https:\/\/www.coachfederation.at\/wp-content\/uploads\/2026\/03\/echt-jetzt.png 477w, https:\/\/www.coachfederation.at\/wp-content\/uploads\/2026\/03\/echt-jetzt-300x300.png 300w, https:\/\/www.coachfederation.at\/wp-content\/uploads\/2026\/03\/echt-jetzt-150x150.png 150w, https:\/\/www.coachfederation.at\/wp-content\/uploads\/2026\/03\/echt-jetzt-12x12.png 12w\" sizes=\"(max-width: 477px) 100vw, 477px\" \/>\t\t\t\t\t\t\t\t\t\t\t\t\t\t\t<\/div>\n\t\t\t\t<\/div>\n\t\t\t\t<\/div>\n\t\t\t\t<\/div>\n\t\t<div class=\"elementor-element elementor-element-db07554 e-con-full elementor-hidden-mobile e-flex e-con e-child\" data-id=\"db07554\" data-element_type=\"container\" data-settings=\"{&quot;jet_parallax_layout_list&quot;:[]}\">\n\t\t\t\t<\/div>\n\t\t\t\t<\/div>\n\t\t\t\t\t<\/div>\n\t\t\t\t<\/div>\n\t\t<div class=\"elementor-element elementor-element-3385f3c e-flex e-con-boxed e-con e-parent\" data-id=\"3385f3c\" data-element_type=\"container\" data-settings=\"{&quot;jet_parallax_layout_list&quot;:[]}\">\n\t\t\t\t\t<div class=\"e-con-inner\">\n\t\t<div class=\"elementor-element elementor-element-39ab6c9 e-con-full e-flex e-con e-child\" data-id=\"39ab6c9\" data-element_type=\"container\" data-settings=\"{&quot;jet_parallax_layout_list&quot;:[]}\">\n\t\t<div class=\"elementor-element elementor-element-0b8420c e-con-full e-flex e-con e-child\" data-id=\"0b8420c\" data-element_type=\"container\" data-settings=\"{&quot;jet_parallax_layout_list&quot;:[]}\">\n\t\t\t\t<div class=\"elementor-element elementor-element-2d8a09f elementor-widget elementor-widget-heading\" data-id=\"2d8a09f\" data-element_type=\"widget\" data-widget_type=\"heading.default\">\n\t\t\t\t\t<h2 class=\"elementor-heading-title elementor-size-default\">ICF Austria\n<\/h2>\t\t\t\t<\/div>\n\t\t\t\t<\/div>\n\t\t<div class=\"elementor-element elementor-element-eb186f1 e-con-full e-flex e-con e-child\" data-id=\"eb186f1\" data-element_type=\"container\" data-settings=\"{&quot;jet_parallax_layout_list&quot;:[]}\">\n\t\t\t\t<div class=\"elementor-element elementor-element-bb8d331 elementor-align-right elementor-mobile-align-center elementor-widget elementor-widget-button\" data-id=\"bb8d331\" data-element_type=\"widget\" data-widget_type=\"button.default\">\n\t\t\t\t\t\t\t\t\t\t<a class=\"elementor-button elementor-button-link elementor-size-sm elementor-animation-hang\" href=\"https:\/\/www.coachfederation.at\/de\/news\/\">\n\t\t\t\t\t\t<span class=\"elementor-button-content-wrapper\">\n\t\t\t\t\t\t<span class=\"elementor-button-icon\">\n\t\t\t\t<i aria-hidden=\"true\" class=\"icon icon-arrow-right\"><\/i>\t\t\t<\/span>\n\t\t\t\t\t\t\t\t\t<span class=\"elementor-button-text\">All ICF News<\/span>\n\t\t\t\t\t<\/span>\n\t\t\t\t\t<\/a>\n\t\t\t\t\t\t\t\t<\/div>\n\t\t\t\t<\/div>\n\t\t\t\t<\/div>\n\t\t<div class=\"elementor-element elementor-element-fe2ab5e e-con-full e-flex e-con e-child\" data-id=\"fe2ab5e\" data-element_type=\"container\" data-settings=\"{&quot;jet_parallax_layout_list&quot;:[]}\">\n\t\t\t\t<div class=\"elementor-element elementor-element-8c547a3 elementor-grid-3 elementor-grid-tablet-2 elementor-grid-mobile-1 elementor-posts--thumbnail-top elementor-widget elementor-widget-posts\" data-id=\"8c547a3\" data-element_type=\"widget\" data-settings=\"{&quot;classic_row_gap_mobile&quot;:{&quot;unit&quot;:&quot;px&quot;,&quot;size&quot;:0,&quot;sizes&quot;:[]},&quot;classic_columns&quot;:&quot;3&quot;,&quot;classic_columns_tablet&quot;:&quot;2&quot;,&quot;classic_columns_mobile&quot;:&quot;1&quot;,&quot;classic_row_gap&quot;:{&quot;unit&quot;:&quot;px&quot;,&quot;size&quot;:35,&quot;sizes&quot;:[]},&quot;classic_row_gap_tablet&quot;:{&quot;unit&quot;:&quot;px&quot;,&quot;size&quot;:&quot;&quot;,&quot;sizes&quot;:[]}}\" data-widget_type=\"posts.classic\">\n\t\t\t\t<div class=\"elementor-widget-container\">\n\t\t\t\t\t\t\t<div class=\"elementor-posts-container elementor-posts elementor-posts--skin-classic elementor-grid\" role=\"list\">\n\t\t\t\t<article class=\"elementor-post elementor-grid-item post-6687 post type-post status-publish format-standard hentry category-uncategorized-en\" role=\"listitem\">\n\t\t\t\t<div class=\"elementor-post__text\">\n\t\t\t\t<h3 class=\"elementor-post__title\">\n\t\t\t<a href=\"https:\/\/www.coachfederation.at\/de\/zusammenfassung-und-highligts-der-generalversammlung-2026\/\" >\n\t\t\t\tZusammenfassung und Highligts der Generalversammlung 2026\t\t\t<\/a>\n\t\t<\/h3>\n\t\t\t\t<div class=\"elementor-post__meta-data\">\n\t\t\t\t\t<span class=\"elementor-post-date\">\n\t\t\tMai 29, 2026\t\t<\/span>\n\t\t\t\t<\/div>\n\t\t\t\t<\/div>\n\t\t\t\t<\/article>\n\t\t\t\t<article class=\"elementor-post elementor-grid-item post-6579 post type-post status-publish format-standard has-post-thumbnail hentry category-announcement category-announcement-de category-icf-austria category-icf-austria-de tag-canon-osterreich tag-coaching-osterreich tag-generalversammlung tag-icf-austria-vorstand tag-judith-girschik tag-theory-u tag-vorstand-2026 tag-wilbert-verheijen\" role=\"listitem\">\n\t\t\t\t<a class=\"elementor-post__thumbnail__link\" href=\"https:\/\/www.coachfederation.at\/de\/icf-austria-neuer-vorstand-2026-nach-generalversammlung\/\" tabindex=\"-1\" >\n\t\t\t<div class=\"elementor-post__thumbnail\"><img loading=\"lazy\" decoding=\"async\" width=\"956\" height=\"634\" src=\"https:\/\/www.coachfederation.at\/wp-content\/uploads\/2026\/05\/image002.png\" class=\"attachment-full size-full wp-image-6582\" alt=\"\" srcset=\"https:\/\/www.coachfederation.at\/wp-content\/uploads\/2026\/05\/image002.png 956w, https:\/\/www.coachfederation.at\/wp-content\/uploads\/2026\/05\/image002-300x199.png 300w, https:\/\/www.coachfederation.at\/wp-content\/uploads\/2026\/05\/image002-768x509.png 768w, https:\/\/www.coachfederation.at\/wp-content\/uploads\/2026\/05\/image002-18x12.png 18w\" sizes=\"(max-width: 956px) 100vw, 956px\" \/><\/div>\n\t\t<\/a>\n\t\t\t\t<div class=\"elementor-post__text\">\n\t\t\t\t<h3 class=\"elementor-post__title\">\n\t\t\t<a href=\"https:\/\/www.coachfederation.at\/de\/icf-austria-neuer-vorstand-2026-nach-generalversammlung\/\" >\n\t\t\t\tICF Austria: Neuer Vorstand 2026 nach Generalversammlung\t\t\t<\/a>\n\t\t<\/h3>\n\t\t\t\t<div class=\"elementor-post__meta-data\">\n\t\t\t\t\t<span class=\"elementor-post-date\">\n\t\t\tMai 2, 2026\t\t<\/span>\n\t\t\t\t<\/div>\n\t\t\t\t<\/div>\n\t\t\t\t<\/article>\n\t\t\t\t<article class=\"elementor-post elementor-grid-item post-6519 post type-post status-publish format-standard has-post-thumbnail hentry category-blog-de\" role=\"listitem\">\n\t\t\t\t<a class=\"elementor-post__thumbnail__link\" href=\"https:\/\/www.coachfederation.at\/de\/icf-ethikrichtlinien-starken-qualitat-und-professionalitat-im-coaching\/\" tabindex=\"-1\" >\n\t\t\t<div class=\"elementor-post__thumbnail\"><img loading=\"lazy\" decoding=\"async\" width=\"1920\" height=\"938\" src=\"https:\/\/www.coachfederation.at\/wp-content\/uploads\/2026\/04\/geralt-hands-3348987_1920.jpg\" class=\"attachment-full size-full wp-image-6521\" alt=\"\" srcset=\"https:\/\/www.coachfederation.at\/wp-content\/uploads\/2026\/04\/geralt-hands-3348987_1920.jpg 1920w, https:\/\/www.coachfederation.at\/wp-content\/uploads\/2026\/04\/geralt-hands-3348987_1920-300x147.jpg 300w, https:\/\/www.coachfederation.at\/wp-content\/uploads\/2026\/04\/geralt-hands-3348987_1920-1024x500.jpg 1024w, https:\/\/www.coachfederation.at\/wp-content\/uploads\/2026\/04\/geralt-hands-3348987_1920-768x375.jpg 768w, https:\/\/www.coachfederation.at\/wp-content\/uploads\/2026\/04\/geralt-hands-3348987_1920-1536x750.jpg 1536w, https:\/\/www.coachfederation.at\/wp-content\/uploads\/2026\/04\/geralt-hands-3348987_1920-18x9.jpg 18w\" sizes=\"(max-width: 1920px) 100vw, 1920px\" \/><\/div>\n\t\t<\/a>\n\t\t\t\t<div class=\"elementor-post__text\">\n\t\t\t\t<h3 class=\"elementor-post__title\">\n\t\t\t<a href=\"https:\/\/www.coachfederation.at\/de\/icf-ethikrichtlinien-starken-qualitat-und-professionalitat-im-coaching\/\" >\n\t\t\t\tEine Herzensangelegenheit: Qualit\u00e4t und Professionalit\u00e4t im Coaching st\u00e4rken\t\t\t<\/a>\n\t\t<\/h3>\n\t\t\t\t<div class=\"elementor-post__meta-data\">\n\t\t\t\t\t<span class=\"elementor-post-date\">\n\t\t\tApril 12, 2026\t\t<\/span>\n\t\t\t\t<\/div>\n\t\t\t\t<\/div>\n\t\t\t\t<\/article>\n\t\t\t\t<\/div>\n\t\t\n\t\t\t\t\t\t<\/div>\n\t\t\t\t<\/div>\n\t\t\t\t<\/div>\n\t\t\t\t\t<\/div>\n\t\t\t\t<\/div>\n\t\t\t\t<\/div>","protected":false},"excerpt":{"rendered":"<p>Find a coach Find someone who truly has the knowledge to identify the barriers to your success, manifest your strengths and support you in tackling<\/p>","protected":false},"author":1,"featured_media":0,"parent":0,"menu_order":0,"comment_status":"closed","ping_status":"closed","template":"elementor_header_footer","meta":{"footnotes":""},"class_list":["post-12","page","type-page","status-publish","hentry"],"yoast_head":"<!-- This site is optimized with the Yoast SEO plugin v27.7 - https:\/\/yoast.com\/product\/yoast-seo-wordpress\/ -->\n<title>ICF Austria \u2013 International Coach Federation | Coaching Verband \u00d6sterreich<\/title>\n<meta name=\"description\" content=\"ICF Austria ist das \u00f6sterreichische Chapter der International Coach Federation \u2013 dem weltweit gr\u00f6\u00dften Coaching-Verband. Finden Sie ICF-zertifizierte Coaches, Ausbildungen und Events in \u00d6sterreich.\" \/>\n<meta name=\"robots\" content=\"index, follow, max-snippet:-1, max-image-preview:large, max-video-preview:-1\" \/>\n<link rel=\"canonical\" href=\"https:\/\/www.coachfederation.at\/de\/\" \/>\n<meta property=\"og:locale\" content=\"de_DE\" \/>\n<meta property=\"og:type\" content=\"article\" \/>\n<meta property=\"og:title\" content=\"ICF Austria \u2013 International Coach Federation | Coaching Verband \u00d6sterreich\" \/>\n<meta property=\"og:description\" content=\"ICF Austria ist das \u00f6sterreichische Chapter der International Coach Federation \u2013 dem weltweit gr\u00f6\u00dften Coaching-Verband. Finden Sie ICF-zertifizierte Coaches, Ausbildungen und Events in \u00d6sterreich.\" \/>\n<meta property=\"og:url\" content=\"https:\/\/www.coachfederation.at\/de\/\" \/>\n<meta property=\"og:site_name\" content=\"International Coach Federation\" \/>\n<meta property=\"article:publisher\" content=\"https:\/\/www.facebook.com\/ICFAustria\/\" \/>\n<meta property=\"article:modified_time\" content=\"2026-04-12T09:20:42+00:00\" \/>\n<meta property=\"og:image\" content=\"https:\/\/www.coachfederation.at\/wp-content\/uploads\/2025\/11\/icf-austria-ito.png\" \/>\n<meta name=\"twitter:card\" content=\"summary_large_image\" \/>\n<meta name=\"twitter:label1\" content=\"Gesch\u00e4tzte Lesezeit\" \/>\n\t<meta name=\"twitter:data1\" content=\"2\u00a0Minuten\" \/>\n<script type=\"application\/ld+json\" class=\"yoast-schema-graph\">{\"@context\":\"https:\\\/\\\/schema.org\",\"@graph\":[{\"@type\":\"WebPage\",\"@id\":\"https:\\\/\\\/www.coachfederation.at\\\/\",\"url\":\"https:\\\/\\\/www.coachfederation.at\\\/\",\"name\":\"ICF Austria \u2013 International Coach Federation | Coaching Verband \u00d6sterreich\",\"isPartOf\":{\"@id\":\"https:\\\/\\\/www.coachfederation.at\\\/#website\"},\"primaryImageOfPage\":{\"@id\":\"https:\\\/\\\/www.coachfederation.at\\\/#primaryimage\"},\"image\":{\"@id\":\"https:\\\/\\\/www.coachfederation.at\\\/#primaryimage\"},\"thumbnailUrl\":\"https:\\\/\\\/www.coachfederation.at\\\/wp-content\\\/uploads\\\/2025\\\/11\\\/icf-austria-ito.png\",\"datePublished\":\"2025-12-06T08:24:57+00:00\",\"dateModified\":\"2026-04-12T09:20:42+00:00\",\"description\":\"ICF Austria ist das \u00f6sterreichische Chapter der International Coach Federation \u2013 dem weltweit gr\u00f6\u00dften Coaching-Verband. Finden Sie ICF-zertifizierte Coaches, Ausbildungen und Events in \u00d6sterreich.\",\"breadcrumb\":{\"@id\":\"https:\\\/\\\/www.coachfederation.at\\\/#breadcrumb\"},\"inLanguage\":\"de\",\"potentialAction\":[{\"@type\":\"ReadAction\",\"target\":[\"https:\\\/\\\/www.coachfederation.at\\\/\"]}]},{\"@type\":\"ImageObject\",\"inLanguage\":\"de\",\"@id\":\"https:\\\/\\\/www.coachfederation.at\\\/#primaryimage\",\"url\":\"https:\\\/\\\/www.coachfederation.at\\\/wp-content\\\/uploads\\\/2025\\\/11\\\/icf-austria-ito.png\",\"contentUrl\":\"https:\\\/\\\/www.coachfederation.at\\\/wp-content\\\/uploads\\\/2025\\\/11\\\/icf-austria-ito.png\"},{\"@type\":\"BreadcrumbList\",\"@id\":\"https:\\\/\\\/www.coachfederation.at\\\/#breadcrumb\",\"itemListElement\":[{\"@type\":\"ListItem\",\"position\":1,\"name\":\"Home\",\"item\":\"https:\\\/\\\/www.coachfederation.at\\\/\"},{\"@type\":\"ListItem\",\"position\":2,\"name\":\"Home\"}]},{\"@type\":\"WebSite\",\"@id\":\"https:\\\/\\\/www.coachfederation.at\\\/#website\",\"url\":\"https:\\\/\\\/www.coachfederation.at\\\/\",\"name\":\"International Coach Federation - Austria Chapter\",\"description\":\"\",\"publisher\":{\"@id\":\"https:\\\/\\\/www.coachfederation.at\\\/#organization\"},\"potentialAction\":[{\"@type\":\"SearchAction\",\"target\":{\"@type\":\"EntryPoint\",\"urlTemplate\":\"https:\\\/\\\/www.coachfederation.at\\\/?s={search_term_string}\"},\"query-input\":{\"@type\":\"PropertyValueSpecification\",\"valueRequired\":true,\"valueName\":\"search_term_string\"}}],\"inLanguage\":\"de\"},{\"@type\":\"Organization\",\"@id\":\"https:\\\/\\\/www.coachfederation.at\\\/#organization\",\"name\":\"International Coach Federation - Austria Chapter\",\"url\":\"https:\\\/\\\/www.coachfederation.at\\\/\",\"logo\":{\"@type\":\"ImageObject\",\"inLanguage\":\"de\",\"@id\":\"https:\\\/\\\/www.coachfederation.at\\\/#\\\/schema\\\/logo\\\/image\\\/\",\"url\":\"https:\\\/\\\/www.coachfederation.at\\\/wp-content\\\/uploads\\\/2025\\\/11\\\/ICF-.png\",\"contentUrl\":\"https:\\\/\\\/www.coachfederation.at\\\/wp-content\\\/uploads\\\/2025\\\/11\\\/ICF-.png\",\"width\":886,\"height\":281,\"caption\":\"International Coach Federation - Austria Chapter\"},\"image\":{\"@id\":\"https:\\\/\\\/www.coachfederation.at\\\/#\\\/schema\\\/logo\\\/image\\\/\"},\"sameAs\":[\"https:\\\/\\\/www.facebook.com\\\/ICFAustria\\\/\",\"https:\\\/\\\/at.linkedin.com\\\/company\\\/icf-austria\"]}]}<\/script>\n<!-- \/ Yoast SEO plugin. -->","yoast_head_json":{"title":"ICF Austria \u2013 International Coach Federation | Coaching Verband \u00d6sterreich","description":"ICF Austria ist das \u00f6sterreichische Chapter der International Coach Federation \u2013 dem weltweit gr\u00f6\u00dften Coaching-Verband. Finden Sie ICF-zertifizierte Coaches, Ausbildungen und Events in \u00d6sterreich.","robots":{"index":"index","follow":"follow","max-snippet":"max-snippet:-1","max-image-preview":"max-image-preview:large","max-video-preview":"max-video-preview:-1"},"canonical":"https:\/\/www.coachfederation.at\/de\/","og_locale":"de_DE","og_type":"article","og_title":"ICF Austria \u2013 International Coach Federation | Coaching Verband \u00d6sterreich","og_description":"ICF Austria ist das \u00f6sterreichische Chapter der International Coach Federation \u2013 dem weltweit gr\u00f6\u00dften Coaching-Verband. Finden Sie ICF-zertifizierte Coaches, Ausbildungen und Events in \u00d6sterreich.","og_url":"https:\/\/www.coachfederation.at\/de\/","og_site_name":"International Coach Federation","article_publisher":"https:\/\/www.facebook.com\/ICFAustria\/","article_modified_time":"2026-04-12T09:20:42+00:00","og_image":[{"url":"https:\/\/www.coachfederation.at\/wp-content\/uploads\/2025\/11\/icf-austria-ito.png","type":"","width":"","height":""}],"twitter_card":"summary_large_image","twitter_misc":{"Gesch\u00e4tzte Lesezeit":"2\u00a0Minuten"},"schema":{"@context":"https:\/\/schema.org","@graph":[{"@type":"WebPage","@id":"https:\/\/www.coachfederation.at\/","url":"https:\/\/www.coachfederation.at\/","name":"ICF Austria \u2013 International Coach Federation | Coaching Verband \u00d6sterreich","isPartOf":{"@id":"https:\/\/www.coachfederation.at\/#website"},"primaryImageOfPage":{"@id":"https:\/\/www.coachfederation.at\/#primaryimage"},"image":{"@id":"https:\/\/www.coachfederation.at\/#primaryimage"},"thumbnailUrl":"https:\/\/www.coachfederation.at\/wp-content\/uploads\/2025\/11\/icf-austria-ito.png","datePublished":"2025-12-06T08:24:57+00:00","dateModified":"2026-04-12T09:20:42+00:00","description":"ICF Austria ist das \u00f6sterreichische Chapter der International Coach Federation \u2013 dem weltweit gr\u00f6\u00dften Coaching-Verband. Finden Sie ICF-zertifizierte Coaches, Ausbildungen und Events in \u00d6sterreich.","breadcrumb":{"@id":"https:\/\/www.coachfederation.at\/#breadcrumb"},"inLanguage":"de","potentialAction":[{"@type":"ReadAction","target":["https:\/\/www.coachfederation.at\/"]}]},{"@type":"ImageObject","inLanguage":"de","@id":"https:\/\/www.coachfederation.at\/#primaryimage","url":"https:\/\/www.coachfederation.at\/wp-content\/uploads\/2025\/11\/icf-austria-ito.png","contentUrl":"https:\/\/www.coachfederation.at\/wp-content\/uploads\/2025\/11\/icf-austria-ito.png"},{"@type":"BreadcrumbList","@id":"https:\/\/www.coachfederation.at\/#breadcrumb","itemListElement":[{"@type":"ListItem","position":1,"name":"Home","item":"https:\/\/www.coachfederation.at\/"},{"@type":"ListItem","position":2,"name":"Home"}]},{"@type":"WebSite","@id":"https:\/\/www.coachfederation.at\/#website","url":"https:\/\/www.coachfederation.at\/","name":"International Coach Federation - Austria Chapter","description":"","publisher":{"@id":"https:\/\/www.coachfederation.at\/#organization"},"potentialAction":[{"@type":"SearchAction","target":{"@type":"EntryPoint","urlTemplate":"https:\/\/www.coachfederation.at\/?s={search_term_string}"},"query-input":{"@type":"PropertyValueSpecification","valueRequired":true,"valueName":"search_term_string"}}],"inLanguage":"de"},{"@type":"Organization","@id":"https:\/\/www.coachfederation.at\/#organization","name":"International Coach Federation - Austria Chapter","url":"https:\/\/www.coachfederation.at\/","logo":{"@type":"ImageObject","inLanguage":"de","@id":"https:\/\/www.coachfederation.at\/#\/schema\/logo\/image\/","url":"https:\/\/www.coachfederation.at\/wp-content\/uploads\/2025\/11\/ICF-.png","contentUrl":"https:\/\/www.coachfederation.at\/wp-content\/uploads\/2025\/11\/ICF-.png","width":886,"height":281,"caption":"International Coach Federation - Austria Chapter"},"image":{"@id":"https:\/\/www.coachfederation.at\/#\/schema\/logo\/image\/"},"sameAs":["https:\/\/www.facebook.com\/ICFAustria\/","https:\/\/at.linkedin.com\/company\/icf-austria"]}]}},"_links":{"self":[{"href":"https:\/\/www.coachfederation.at\/de\/wp-json\/wp\/v2\/pages\/12","targetHints":{"allow":["GET"]}}],"collection":[{"href":"https:\/\/www.coachfederation.at\/de\/wp-json\/wp\/v2\/pages"}],"about":[{"href":"https:\/\/www.coachfederation.at\/de\/wp-json\/wp\/v2\/types\/page"}],"author":[{"embeddable":true,"href":"https:\/\/www.coachfederation.at\/de\/wp-json\/wp\/v2\/users\/1"}],"replies":[{"embeddable":true,"href":"https:\/\/www.coachfederation.at\/de\/wp-json\/wp\/v2\/comments?post=12"}],"version-history":[{"count":193,"href":"https:\/\/www.coachfederation.at\/de\/wp-json\/wp\/v2\/pages\/12\/revisions"}],"predecessor-version":[{"id":6516,"href":"https:\/\/www.coachfederation.at\/de\/wp-json\/wp\/v2\/pages\/12\/revisions\/6516"}],"wp:attachment":[{"href":"https:\/\/www.coachfederation.at\/de\/wp-json\/wp\/v2\/media?parent=12"}],"curies":[{"name":"wp","href":"https:\/\/api.w.org\/{rel}","templated":true}]}}